{"id":21918,"date":"2025-12-19T09:00:08","date_gmt":"2025-12-19T07:00:08","guid":{"rendered":"https:\/\/turunmusiikkijuhlat.fi\/?post_type=tapahtuma&#038;p=21918"},"modified":"2026-03-27T08:00:38","modified_gmt":"2026-03-27T06:00:38","slug":"aurora-tiheasalo-kourula-duo","status":"publish","type":"tapahtuma","link":"https:\/\/turunmusiikkijuhlat.fi\/sv\/handelse\/aurora-tiheasalo-kourula-duo","title":{"rendered":"INST\u00c4LLD: Aurora: Tihe\u00e4salo &#038; Kourula Duo"},"content":{"rendered":"[vc_row type=&#8221;full_width_content&#8221; full_screen_row_position=&#8221;middle&#8221; column_margin=&#8221;none&#8221; equal_height=&#8221;yes&#8221; content_placement=&#8221;middle&#8221; column_direction=&#8221;default&#8221; column_direction_tablet=&#8221;default&#8221; column_direction_phone=&#8221;default&#8221; scene_position=&#8221;center&#8221; text_color=&#8221;dark&#8221; text_align=&#8221;left&#8221; row_border_radius=&#8221;none&#8221; row_border_radius_applies=&#8221;bg&#8221; row_position_desktop=&#8221;default&#8221; row_position_tablet=&#8221;inherit&#8221; row_position_phone=&#8221;inherit&#8221; overflow=&#8221;visible&#8221; advanced_gradient_angle=&#8221;0&#8243; overlay_strength=&#8221;0.3&#8243; gradient_direction=&#8221;left_to_right&#8221; shape_divider_position=&#8221;bottom&#8221; bg_image_animation=&#8221;none&#8221; gradient_type=&#8221;default&#8221; shape_type=&#8221;&#8221;][vc_column column_padding=&#8221;no-extra-padding&#8221; column_padding_tablet=&#8221;inherit&#8221; column_padding_phone=&#8221;inherit&#8221; column_padding_position=&#8221;all&#8221; flex_gap_desktop=&#8221;10px&#8221; column_element_direction_desktop=&#8221;default&#8221; column_element_spacing=&#8221;default&#8221; centered_text=&#8221;true&#8221; desktop_text_alignment=&#8221;default&#8221; tablet_text_alignment=&#8221;default&#8221; phone_text_alignment=&#8221;default&#8221; background_color_opacity=&#8221;1&#8243; background_hover_color_opacity=&#8221;1&#8243; column_backdrop_filter=&#8221;none&#8221; font_color=&#8221;#1d4754&#8243; column_shadow=&#8221;none&#8221; column_border_radius=&#8221;none&#8221; column_link_target=&#8221;_self&#8221; column_position=&#8221;default&#8221; advanced_gradient_angle=&#8221;0&#8243; gradient_direction=&#8221;left_to_right&#8221; overlay_strength=&#8221;0.3&#8243; width=&#8221;1\/2&#8243; tablet_width_inherit=&#8221;default&#8221; animation_type=&#8221;default&#8221; bg_image_animation=&#8221;none&#8221; border_type=&#8221;simple&#8221; column_border_width=&#8221;none&#8221; column_border_style=&#8221;solid&#8221; gradient_type=&#8221;default&#8221;][image_with_animation image_url=&#8221;14894&#8243; image_size=&#8221;full&#8221; max_width=&#8221;100%&#8221; max_width_mobile=&#8221;default&#8221; animation_type=&#8221;entrance&#8221; animation=&#8221;None&#8221; animation_movement_type=&#8221;transform_y&#8221; hover_animation=&#8221;none&#8221; alignment=&#8221;&#8221; border_radius=&#8221;none&#8221; box_shadow=&#8221;none&#8221; image_loading=&#8221;default&#8221;][\/vc_column][vc_column column_padding=&#8221;padding-3-percent&#8221; column_padding_tablet=&#8221;inherit&#8221; column_padding_phone=&#8221;padding-5-percent&#8221; column_padding_position=&#8221;all&#8221; flex_gap_desktop=&#8221;10px&#8221; column_element_direction_desktop=&#8221;default&#8221; column_element_spacing=&#8221;default&#8221; desktop_text_alignment=&#8221;default&#8221; tablet_text_alignment=&#8221;default&#8221; phone_text_alignment=&#8221;default&#8221; background_color=&#8221;#1d4754&#8243; background_color_opacity=&#8221;1&#8243; background_hover_color_opacity=&#8221;1&#8243; column_backdrop_filter=&#8221;none&#8221; column_shadow=&#8221;none&#8221; column_border_radius=&#8221;none&#8221; column_link_target=&#8221;_self&#8221; column_position=&#8221;default&#8221; advanced_gradient_angle=&#8221;0&#8243; gradient_direction=&#8221;left_to_right&#8221; overlay_strength=&#8221;0.3&#8243; width=&#8221;1\/2&#8243; tablet_width_inherit=&#8221;default&#8221; animation_type=&#8221;default&#8221; bg_image_animation=&#8221;none&#8221; border_type=&#8221;simple&#8221; column_border_width=&#8221;none&#8221; column_border_style=&#8221;solid&#8221; gradient_type=&#8221;default&#8221;][vc_custom_heading text=&#8221;INST\u00c4LLD&#8221; font_container=&#8221;tag:h2|text_align:left|color:%23FFFFFF&#8221; use_theme_fonts=&#8221;yes&#8221; css=&#8221;&#8221;][vc_custom_heading text=&#8221;AURORA:<br \/>\nTIHE\u00c4SALO &amp; KOURULA DUO&#8221; font_container=&#8221;tag:h2|text_align:left|color:%23bc9634&#8243; use_theme_fonts=&#8221;yes&#8221; css=&#8221;&#8221;][vc_custom_heading text=&#8221;14.04.2026 | 18:00&#8243; font_container=&#8221;tag:h4|text_align:left|color:%23ffffff&#8221; use_theme_fonts=&#8221;yes&#8221; css=&#8221;&#8221;][vc_custom_heading text=&#8221;Konstens hus, Ordets sal (5:e v\u00e5ningen)&#8221; font_container=&#8221;tag:h4|text_align:left|color:%23ffffff&#8221; use_theme_fonts=&#8221;yes&#8221; css=&#8221;&#8221;][nectar_btn size=&#8221;medium&#8221; button_style=&#8221;regular&#8221; button_color_2=&#8221;Extra-Color-3&#8243; icon_family=&#8221;none&#8221; text=&#8221;Registrering&#8221; margin_top=&#8221;30&#8243; margin_right=&#8221;15&#8243; url=&#8221;https:\/\/www.lyyti.in\/Aurora_Mikko_Luoma_6513\/se&#8221;][nectar_btn size=&#8221;medium&#8221; button_style=&#8221;regular&#8221; button_color_2=&#8221;Extra-Color-3&#8243; icon_family=&#8221;none&#8221; text=&#8221;Info&#8221; margin_top=&#8221;30&#8243; url=&#8221;#info&#8221;][\/vc_column][\/vc_row][vc_row type=&#8221;in_container&#8221; full_screen_row_position=&#8221;middle&#8221; column_margin=&#8221;50px&#8221; column_direction=&#8221;default&#8221; column_direction_tablet=&#8221;column_reverse&#8221; column_direction_phone=&#8221;column_reverse&#8221; scene_position=&#8221;center&#8221; top_padding=&#8221;3%&#8221; text_color=&#8221;dark&#8221; text_align=&#8221;left&#8221; row_border_radius=&#8221;none&#8221; row_border_radius_applies=&#8221;bg&#8221; row_position_desktop=&#8221;default&#8221; row_position_tablet=&#8221;inherit&#8221; row_position_phone=&#8221;inherit&#8221; overflow=&#8221;visible&#8221; advanced_gradient_angle=&#8221;0&#8243; overlay_strength=&#8221;0.3&#8243; gradient_direction=&#8221;left_to_right&#8221; shape_divider_position=&#8221;bottom&#8221; bg_image_animation=&#8221;none&#8221; gradient_type=&#8221;default&#8221; shape_type=&#8221;&#8221;][vc_column column_padding=&#8221;padding-5-percent&#8221; column_padding_tablet=&#8221;inherit&#8221; column_padding_phone=&#8221;inherit&#8221; column_padding_position=&#8221;all&#8221; flex_gap_desktop=&#8221;10px&#8221; column_element_direction_desktop=&#8221;default&#8221; column_element_spacing=&#8221;default&#8221; desktop_text_alignment=&#8221;default&#8221; tablet_text_alignment=&#8221;default&#8221; phone_text_alignment=&#8221;default&#8221; background_color=&#8221;#1d4754&#8243; background_color_opacity=&#8221;1&#8243; background_hover_color_opacity=&#8221;1&#8243; column_backdrop_filter=&#8221;none&#8221; font_color=&#8221;#ffffff&#8221; column_shadow=&#8221;none&#8221; column_border_radius=&#8221;none&#8221; column_link_target=&#8221;_self&#8221; column_position=&#8221;default&#8221; advanced_gradient_angle=&#8221;0&#8243; gradient_direction=&#8221;left_to_right&#8221; overlay_strength=&#8221;0.3&#8243; width=&#8221;1\/2&#8243; tablet_width_inherit=&#8221;default&#8221; animation_type=&#8221;default&#8221; bg_image_animation=&#8221;none&#8221; border_type=&#8221;simple&#8221; column_border_width=&#8221;none&#8221; column_border_style=&#8221;solid&#8221; gradient_type=&#8221;default&#8221;][vc_custom_heading text=&#8221;Program&#8221; font_container=&#8221;tag:h4|text_align:left|color:%23ffffff&#8221; use_theme_fonts=&#8221;yes&#8221;][vc_column_text css=&#8221;&#8221; max_width=&#8221;600&#8243; text_direction=&#8221;default&#8221;]<strong>Topias Tihe\u00e4salo<\/strong><b>,\u00a0<\/b>barockgitarr och fransk barockluta<br \/>\n<strong>Tuomas Kourula,\u00a0<\/strong>teorb och archluta[\/vc_column_text][\/vc_column][vc_column column_padding=&#8221;no-extra-padding&#8221; column_padding_tablet=&#8221;inherit&#8221; column_padding_phone=&#8221;inherit&#8221; column_padding_position=&#8221;all&#8221; flex_gap_desktop=&#8221;10px&#8221; column_element_direction_desktop=&#8221;default&#8221; column_element_spacing=&#8221;default&#8221; desktop_text_alignment=&#8221;default&#8221; tablet_text_alignment=&#8221;default&#8221; phone_text_alignment=&#8221;default&#8221; background_color_opacity=&#8221;1&#8243; background_hover_color_opacity=&#8221;1&#8243; column_backdrop_filter=&#8221;none&#8221; font_color=&#8221;#1d4754&#8243; column_shadow=&#8221;none&#8221; column_border_radius=&#8221;none&#8221; column_link_target=&#8221;_self&#8221; column_position=&#8221;default&#8221; advanced_gradient_angle=&#8221;0&#8243; gradient_direction=&#8221;left_to_right&#8221; overlay_strength=&#8221;0.3&#8243; width=&#8221;1\/2&#8243; tablet_width_inherit=&#8221;default&#8221; animation_type=&#8221;default&#8221; bg_image_animation=&#8221;none&#8221; border_type=&#8221;simple&#8221; column_border_width=&#8221;none&#8221; column_border_style=&#8221;solid&#8221; gradient_type=&#8221;default&#8221;][vc_row_inner column_margin=&#8221;30px&#8221; column_direction=&#8221;default&#8221; column_direction_tablet=&#8221;default&#8221; column_direction_phone=&#8221;default&#8221; bottom_padding=&#8221;3%&#8221; top_padding_phone=&#8221;10%&#8221; constrain_group_5=&#8221;yes&#8221; bottom_padding_phone=&#8221;10%&#8221; text_align=&#8221;left&#8221; row_position=&#8221;default&#8221; row_position_tablet=&#8221;inherit&#8221; row_position_phone=&#8221;inherit&#8221; overflow=&#8221;visible&#8221; pointer_events=&#8221;all&#8221;][vc_column_inner column_padding=&#8221;padding-5-percent&#8221; column_padding_tablet=&#8221;inherit&#8221; column_padding_phone=&#8221;inherit&#8221; column_padding_position=&#8221;all&#8221; flex_gap_desktop=&#8221;10px&#8221; column_element_direction_desktop=&#8221;default&#8221; column_element_spacing=&#8221;default&#8221; desktop_text_alignment=&#8221;default&#8221; tablet_text_alignment=&#8221;default&#8221; phone_text_alignment=&#8221;default&#8221; background_color=&#8221;#bc9634&#8243; background_color_opacity=&#8221;1&#8243; background_hover_color_opacity=&#8221;1&#8243; column_backdrop_filter=&#8221;none&#8221; column_shadow=&#8221;none&#8221; column_border_radius=&#8221;none&#8221; column_link_target=&#8221;_self&#8221; overflow=&#8221;visible&#8221; advanced_gradient_angle=&#8221;0&#8243; gradient_direction=&#8221;left_to_right&#8221; overlay_strength=&#8221;0.3&#8243; width=&#8221;1\/1&#8243; tablet_width_inherit=&#8221;default&#8221; animation_type=&#8221;default&#8221; bg_image_animation=&#8221;none&#8221; border_type=&#8221;simple&#8221; column_border_width=&#8221;none&#8221; column_border_style=&#8221;solid&#8221; gradient_type=&#8221;default&#8221;][vc_custom_heading text=&#8221;Fritt intr\u00e4de&#8221; font_container=&#8221;tag:h4|text_align:center|color:%23ffffff&#8221; use_theme_fonts=&#8221;yes&#8221; css=&#8221;&#8221;][vc_custom_heading text=&#8221;L\u00e4ngd 1 h, ingen paus&#8221; font_container=&#8221;tag:h4|text_align:center|color:%23ffffff&#8221; use_theme_fonts=&#8221;yes&#8221; css=&#8221;&#8221;][\/vc_column_inner][\/vc_row_inner][vc_column_text css=&#8221;&#8221; text_direction=&#8221;default&#8221;]<strong>OBS: Denna konsert har st\u00e4llts in p\u00e5 grund av sjukdom.<\/strong><\/p>\n<p>Auroraserien forts\u00e4tter v\u00e5ren 2026!<\/p>\n<p><strong>Topias Tihe\u00e4salo <\/strong>och<strong> Tuomas Kourulas<\/strong> konsert <strong>Barockmusik med kn\u00e4ppinstrument<\/strong> tar publiken till Europa vid 1600\u20131700-talets skifte och till den spanska, italienska och franska tidiga barockens musik. Barockgitarr och teorbo klingar under kv\u00e4llen b\u00e5de som soloinstrument och i duospel och skapar ett intimt och nyansrikt ljudlandskap. Konserten ger lyssnaren m\u00f6jlighet att f\u00f6rdjupa sig i den tidiga barockens klangv\u00e4rld och uppleva hur historiska instrument v\u00e4cks till liv i en levande tolkning.<\/p>\n<p>P\u00e5 programmet st\u00e5r musik av <strong>Gaspar Sanz, Santiago de Murcia, Alessandro Piccinini, Giovanni Girolamo Kapsberger <\/strong>och<strong> Robert de Vis\u00e9e<\/strong> \u2013 tons\u00e4ttare som \u00e4r mindre k\u00e4nda f\u00f6r den breda publiken \u2013 och som under kv\u00e4llen ocks\u00e5 f\u00e5r nya nyanser genom improvisation. Rytmiskt livfulla och dansanta avsnitt samt \u00e5terkommande passacaglia-variationer varvas med stillsammare, mer eftert\u00e4nksamma och intima stunder. Mellan verken f\u00e5r publiken \u00e4ven h\u00f6ra ber\u00e4ttelser om deras tillkomst och om tidens kultur, vilket f\u00f6r barockens v\u00e4rld n\u00e4rmare och f\u00f6rdjupar lyssnarupplevelsen.<\/p>\n<p>Kv\u00e4llen bjuder p\u00e5 en rik och levande helhet d\u00e4r historia och improvisation i stunden fl\u00e4tas samman. En upplevelse f\u00f6r s\u00e5v\u00e4l \u00e4lskare av tidig musik som nya lyssnare.<\/p>\n<p><strong>V\u00e4nligen observera f\u00f6ljande:<\/strong><\/p>\n<p>Konsertsalens l\u00e4ge har \u00e4ndrats. Den nya platsen \u00e4r p\u00e5 5:e v\u00e5ningen i Fabrik-byggnaden vid Konstens hus. Alla konserter b\u00f6rjar nu kl. 18.00 ist\u00e4llet f\u00f6r kl. 19.00.<\/p>\n<p>Den nya salens kapacitet \u00e4r betydligt mindre.<strong> Vi ber d\u00e4rf\u00f6r alla deltagare att anm\u00e4la sig till konserten i f\u00f6rv\u00e4g<\/strong> s\u00e5 att vi kan s\u00e4kerst\u00e4lla att det finns tillr\u00e4ckligt med plats f\u00f6r alla som vill delta. Du kan anm\u00e4la dig via l\u00e4nken ovan eller genom att skicka e-post till mike.valtonen@tmj.fi.[\/vc_column_text][toggles style=&#8221;minimal&#8221;][toggle color=&#8221;Accent-Color&#8221; heading_tag=&#8221;h6&#8243; heading_tag_functionality=&#8221;default&#8221; title=&#8221;Om verken&#8221;][vc_column_text css=&#8221;&#8221; text_direction=&#8221;default&#8221;]Kommer snart![\/vc_column_text][\/toggle][\/toggles][divider line_type=&#8221;No Line&#8221; custom_height=&#8221;15&#8243;][vc_custom_heading text=&#8221;Evenemangets artister&#8221; font_container=&#8221;tag:h4|text_align:left|color:%231d4754&#8243; use_theme_fonts=&#8221;yes&#8221;][vc_row_inner column_margin=&#8221;30px&#8221; column_direction=&#8221;default&#8221; column_direction_tablet=&#8221;default&#8221; column_direction_phone=&#8221;default&#8221; top_padding=&#8221;3%&#8221; constrain_group_1=&#8221;yes&#8221; bottom_padding=&#8221;3%&#8221; top_padding_phone=&#8221;10%&#8221; constrain_group_5=&#8221;yes&#8221; bottom_padding_phone=&#8221;10%&#8221; text_align=&#8221;left&#8221; row_position=&#8221;default&#8221; row_position_tablet=&#8221;inherit&#8221; row_position_phone=&#8221;inherit&#8221; overflow=&#8221;visible&#8221; pointer_events=&#8221;all&#8221;][vc_column_inner column_padding=&#8221;no-extra-padding&#8221; column_padding_tablet=&#8221;inherit&#8221; column_padding_phone=&#8221;inherit&#8221; column_padding_position=&#8221;all&#8221; flex_gap_desktop=&#8221;10px&#8221; column_element_direction_desktop=&#8221;default&#8221; column_element_spacing=&#8221;default&#8221; desktop_text_alignment=&#8221;default&#8221; tablet_text_alignment=&#8221;default&#8221; phone_text_alignment=&#8221;default&#8221; background_color_opacity=&#8221;1&#8243; background_hover_color_opacity=&#8221;1&#8243; column_backdrop_filter=&#8221;none&#8221; column_shadow=&#8221;none&#8221; column_border_radius=&#8221;none&#8221; column_link_target=&#8221;_self&#8221; overflow=&#8221;visible&#8221; advanced_gradient_angle=&#8221;0&#8243; gradient_direction=&#8221;left_to_right&#8221; overlay_strength=&#8221;0.3&#8243; width=&#8221;1\/3&#8243; tablet_width_inherit=&#8221;default&#8221; animation_type=&#8221;default&#8221; bg_image_animation=&#8221;none&#8221; border_type=&#8221;simple&#8221; column_border_width=&#8221;none&#8221; column_border_style=&#8221;solid&#8221; gradient_type=&#8221;default&#8221;][image_with_animation image_size=&#8221;full&#8221; max_width=&#8221;100%&#8221; max_width_mobile=&#8221;default&#8221; animation_type=&#8221;entrance&#8221; animation=&#8221;None&#8221; animation_movement_type=&#8221;transform_y&#8221; hover_animation=&#8221;none&#8221; alignment=&#8221;&#8221; border_radius=&#8221;none&#8221; box_shadow=&#8221;none&#8221; image_loading=&#8221;default&#8221;][nectar_cta btn_style=&#8221;underline&#8221; underline_visibility=&#8221;default&#8221; heading_tag=&#8221;p&#8221; link_type=&#8221;regular&#8221; button_color=&#8221;default&#8221; text_color=&#8221;#1d4754&#8243; button_border_thickness=&#8221;0px&#8221; alignment=&#8221;left&#8221; alignment_tablet=&#8221;default&#8221; alignment_phone=&#8221;default&#8221; display=&#8221;block&#8221; display_tablet=&#8221;inherit&#8221; display_phone=&#8221;inherit&#8221; icon_family=&#8221;none&#8221; link_text=&#8221;Kommer snart!&#8221;][\/vc_column_inner][\/vc_row_inner][\/vc_column][\/vc_row][vc_row type=&#8221;in_container&#8221; full_screen_row_position=&#8221;middle&#8221; column_margin=&#8221;default&#8221; column_direction=&#8221;default&#8221; column_direction_tablet=&#8221;default&#8221; column_direction_phone=&#8221;default&#8221; scene_position=&#8221;center&#8221; text_color=&#8221;dark&#8221; text_align=&#8221;left&#8221; row_border_radius=&#8221;none&#8221; row_border_radius_applies=&#8221;bg&#8221; row_position_desktop=&#8221;default&#8221; row_position_tablet=&#8221;inherit&#8221; row_position_phone=&#8221;inherit&#8221; overflow=&#8221;visible&#8221; id=&#8221;info&#8221; overlay_strength=&#8221;0.3&#8243; gradient_direction=&#8221;left_to_right&#8221; shape_divider_position=&#8221;bottom&#8221; bg_image_animation=&#8221;none&#8221; gradient_type=&#8221;default&#8221; shape_type=&#8221;&#8221;][vc_column column_padding=&#8221;padding-3-percent&#8221; column_padding_tablet=&#8221;inherit&#8221; column_padding_phone=&#8221;inherit&#8221; column_padding_position=&#8221;all&#8221; flex_gap_desktop=&#8221;10px&#8221; column_element_direction_desktop=&#8221;default&#8221; column_element_spacing=&#8221;default&#8221; desktop_text_alignment=&#8221;default&#8221; tablet_text_alignment=&#8221;default&#8221; phone_text_alignment=&#8221;default&#8221; background_color_opacity=&#8221;1&#8243; background_hover_color_opacity=&#8221;1&#8243; column_backdrop_filter=&#8221;none&#8221; column_shadow=&#8221;none&#8221; column_border_radius=&#8221;none&#8221; column_link_target=&#8221;_self&#8221; column_position=&#8221;default&#8221; gradient_direction=&#8221;left_to_right&#8221; overlay_strength=&#8221;0.3&#8243; width=&#8221;1\/1&#8243; tablet_width_inherit=&#8221;default&#8221; animation_type=&#8221;default&#8221; bg_image_animation=&#8221;none&#8221; border_type=&#8221;simple&#8221; column_border_width=&#8221;3px&#8221; column_border_color=&#8221;#bc9634&#8243; column_border_style=&#8221;solid&#8221; column_padding_type=&#8221;default&#8221; gradient_type=&#8221;default&#8221;][vc_row_inner column_margin=&#8221;60px&#8221; column_direction=&#8221;default&#8221; column_direction_tablet=&#8221;default&#8221; column_direction_phone=&#8221;default&#8221; text_align=&#8221;left&#8221; row_position=&#8221;default&#8221; row_position_tablet=&#8221;inherit&#8221; row_position_phone=&#8221;inherit&#8221; overflow=&#8221;visible&#8221; pointer_events=&#8221;all&#8221;][vc_column_inner column_padding=&#8221;no-extra-padding&#8221; column_padding_tablet=&#8221;inherit&#8221; column_padding_phone=&#8221;inherit&#8221; column_padding_position=&#8221;all&#8221; flex_gap_desktop=&#8221;10px&#8221; column_element_direction_desktop=&#8221;default&#8221; column_element_spacing=&#8221;default&#8221; desktop_text_alignment=&#8221;default&#8221; tablet_text_alignment=&#8221;default&#8221; phone_text_alignment=&#8221;default&#8221; background_color_opacity=&#8221;1&#8243; background_hover_color_opacity=&#8221;1&#8243; column_backdrop_filter=&#8221;none&#8221; column_shadow=&#8221;none&#8221; column_border_radius=&#8221;none&#8221; column_link_target=&#8221;_self&#8221; overflow=&#8221;visible&#8221; gradient_direction=&#8221;left_to_right&#8221; overlay_strength=&#8221;0.3&#8243; width=&#8221;1\/2&#8243; tablet_width_inherit=&#8221;default&#8221; animation_type=&#8221;default&#8221; bg_image_animation=&#8221;none&#8221; border_type=&#8221;simple&#8221; column_border_width=&#8221;none&#8221; column_border_style=&#8221;solid&#8221;][vc_custom_heading text=&#8221;INFO&#8221; font_container=&#8221;tag:h3|text_align:left|color:%231d4754&#8243; use_theme_fonts=&#8221;yes&#8221;]<div class=\"nectar-fancy-ul\" data-list-icon=\"none\" data-animation=\"false\" data-animation-delay=\"0\" data-color=\"accent-color\" data-spacing=\"10px\" data-alignment=\"left\"> \n<ul>\n<li><strong>Adress<\/strong>: Nunnegatan 4, 20700 \u00c5bo, Fabrik-byggnaden (5:e v\u00e5ningen)<\/li>\n<li><strong>Kollektivtrafik<\/strong>: H\u00e5llplatser i stadens centrum i n\u00e4rheten. Tavastgatan och Nylandsgatan \u00e4r de n\u00e4rmaste h\u00e5llplatserna. Bussh\u00e5llplatsen Domkyrkan ligger i n\u00e4rheten.<\/li>\n<li><strong>Tillg\u00e4nglighet<\/strong>: G\u00e5rden har sluttande bel\u00e4ggning. Huvudentr\u00e9n, v\u00e4gen till konsertsalen och salen \u00e4r tillg\u00e4ngliga.<\/li>\n<li><strong>Parkering<\/strong>: Parkeringsplatser p\u00e5 Nunnegatan och runt Domkyrkan.<\/li>\n<\/ul>\n <\/div>[nectar_btn size=&#8221;large&#8221; open_new_tab=&#8221;true&#8221; button_style=&#8221;regular&#8221; button_color_2=&#8221;Extra-Color-3&#8243; icon_family=&#8221;none&#8221; text=&#8221;Busstidtabeller (F\u00f6li.fi)&#8221; margin_top=&#8221;5&#8243; url=&#8221;https:\/\/www.foli.fi\/sv&#8221;][\/vc_column_inner][vc_column_inner column_padding=&#8221;no-extra-padding&#8221; column_padding_tablet=&#8221;inherit&#8221; column_padding_phone=&#8221;inherit&#8221; column_padding_position=&#8221;all&#8221; flex_gap_desktop=&#8221;10px&#8221; column_element_direction_desktop=&#8221;default&#8221; column_element_spacing=&#8221;default&#8221; desktop_text_alignment=&#8221;default&#8221; tablet_text_alignment=&#8221;default&#8221; phone_text_alignment=&#8221;default&#8221; background_color_opacity=&#8221;1&#8243; background_hover_color_opacity=&#8221;1&#8243; column_backdrop_filter=&#8221;none&#8221; column_shadow=&#8221;none&#8221; column_border_radius=&#8221;none&#8221; column_link_target=&#8221;_self&#8221; overflow=&#8221;visible&#8221; gradient_direction=&#8221;left_to_right&#8221; overlay_strength=&#8221;0.3&#8243; width=&#8221;1\/2&#8243; tablet_width_inherit=&#8221;default&#8221; animation_type=&#8221;default&#8221; bg_image_animation=&#8221;none&#8221; border_type=&#8221;simple&#8221; column_border_width=&#8221;none&#8221; column_border_style=&#8221;solid&#8221;][vc_column_text text_direction=&#8221;default&#8221;]<iframe loading=\"lazy\" style=\"border: 0;\" src=\"https:\/\/www.google.com\/maps\/embed?pb=!1m14!1m8!1m3!1d1967.7087082443013!2d22.2753902!3d60.4500242!3m2!1i1024!2i768!4f13.1!3m3!1m2!1s0x468c77288aa06db1%3A0xada66810e34b063c!2sKonstens%20hus!5e0!3m2!1ssv!2sfi!4v1712754192530!5m2!1ssv!2sfi\" width=\"600\" height=\"300\" allowfullscreen=\"allowfullscreen\"><\/iframe>[\/vc_column_text][\/vc_column_inner][\/vc_row_inner][\/vc_column][\/vc_row]\n","protected":false},"excerpt":{"rendered":"<p>14.04.2026 | 18:00<\/p>\n","protected":false},"featured_media":14896,"template":"","meta":{"_improvement_type_select":"improve_an_existing","_thumb_yes_seoaic":false,"_frame_yes_seoaic":false,"seoaic_generate_description":"","seoaic_improve_instructions_prompt":"","seoaic_rollback_content_improvement":"","seoaic_idea_thumbnail_generator":"","thumbnail_generated":false,"thumbnail_generate_prompt":"","seoaic_article_description":"","footnotes":""},"categories":[69],"tags":[],"class_list":{"0":"post-21918","1":"tapahtuma","2":"type-tapahtuma","3":"status-publish","4":"has-post-thumbnail","6":"category-menneet-tapahtumat-sv"},"yoast_head":"<!-- This site is optimized with the Yoast SEO plugin v27.4 - https:\/\/yoast.com\/product\/yoast-seo-wordpress\/ -->\n<title>INST\u00c4LLD: Aurora: Tihe\u00e4salo &amp; Kourula Duo | Turun musiikkijuhlat<\/title>\n<meta name=\"robots\" content=\"index, follow, max-snippet:-1, max-image-preview:large, max-video-preview:-1\" \/>\n<link rel=\"canonical\" href=\"https:\/\/turunmusiikkijuhlat.fi\/sv\/handelse\/aurora-tiheasalo-kourula-duo\" \/>\n<meta property=\"og:locale\" content=\"sv_SE\" \/>\n<meta property=\"og:type\" content=\"article\" \/>\n<meta property=\"og:title\" content=\"INST\u00c4LLD: Aurora: Tihe\u00e4salo &amp; Kourula Duo | Turun musiikkijuhlat\" \/>\n<meta property=\"og:description\" content=\"14.04.2026 | 18:00\" \/>\n<meta property=\"og:url\" content=\"https:\/\/turunmusiikkijuhlat.fi\/sv\/handelse\/aurora-tiheasalo-kourula-duo\" \/>\n<meta property=\"og:site_name\" content=\"Turun musiikkijuhlat\" \/>\n<meta property=\"article:publisher\" content=\"https:\/\/www.facebook.com\/Turunmusiikkijuhlat\/\" \/>\n<meta property=\"article:modified_time\" content=\"2026-03-27T06:00:38+00:00\" \/>\n<meta property=\"og:image\" content=\"https:\/\/turunmusiikkijuhlat.fi\/wp-content\/uploads\/2024\/08\/Aurora-1920x1080-1.png\" \/>\n\t<meta property=\"og:image:width\" content=\"1920\" \/>\n\t<meta property=\"og:image:height\" content=\"1080\" \/>\n\t<meta property=\"og:image:type\" content=\"image\/png\" \/>\n<meta name=\"twitter:card\" content=\"summary_large_image\" \/>\n<meta name=\"twitter:site\" content=\"@TurkuMusicFest\" \/>\n<meta name=\"twitter:label1\" content=\"Ber\u00e4knad l\u00e4stid\" \/>\n\t<meta name=\"twitter:data1\" content=\"3 minuter\" \/>\n<script type=\"application\/ld+json\" class=\"yoast-schema-graph\">{\"@context\":\"https:\\\/\\\/schema.org\",\"@graph\":[{\"@type\":\"WebPage\",\"@id\":\"https:\\\/\\\/turunmusiikkijuhlat.fi\\\/sv\\\/handelse\\\/aurora-tiheasalo-kourula-duo\",\"url\":\"https:\\\/\\\/turunmusiikkijuhlat.fi\\\/sv\\\/handelse\\\/aurora-tiheasalo-kourula-duo\",\"name\":\"INST\u00c4LLD: Aurora: Tihe\u00e4salo & Kourula Duo | Turun musiikkijuhlat\",\"isPartOf\":{\"@id\":\"https:\\\/\\\/turunmusiikkijuhlat.fi\\\/sv#website\"},\"primaryImageOfPage\":{\"@id\":\"https:\\\/\\\/turunmusiikkijuhlat.fi\\\/sv\\\/handelse\\\/aurora-tiheasalo-kourula-duo#primaryimage\"},\"image\":{\"@id\":\"https:\\\/\\\/turunmusiikkijuhlat.fi\\\/sv\\\/handelse\\\/aurora-tiheasalo-kourula-duo#primaryimage\"},\"thumbnailUrl\":\"https:\\\/\\\/turunmusiikkijuhlat.fi\\\/wp-content\\\/uploads\\\/2024\\\/08\\\/Aurora-1920x1080-1.png\",\"datePublished\":\"2025-12-19T07:00:08+00:00\",\"dateModified\":\"2026-03-27T06:00:38+00:00\",\"breadcrumb\":{\"@id\":\"https:\\\/\\\/turunmusiikkijuhlat.fi\\\/sv\\\/handelse\\\/aurora-tiheasalo-kourula-duo#breadcrumb\"},\"inLanguage\":\"sv-SE\",\"potentialAction\":[{\"@type\":\"ReadAction\",\"target\":[\"https:\\\/\\\/turunmusiikkijuhlat.fi\\\/sv\\\/handelse\\\/aurora-tiheasalo-kourula-duo\"]}]},{\"@type\":\"ImageObject\",\"inLanguage\":\"sv-SE\",\"@id\":\"https:\\\/\\\/turunmusiikkijuhlat.fi\\\/sv\\\/handelse\\\/aurora-tiheasalo-kourula-duo#primaryimage\",\"url\":\"https:\\\/\\\/turunmusiikkijuhlat.fi\\\/wp-content\\\/uploads\\\/2024\\\/08\\\/Aurora-1920x1080-1.png\",\"contentUrl\":\"https:\\\/\\\/turunmusiikkijuhlat.fi\\\/wp-content\\\/uploads\\\/2024\\\/08\\\/Aurora-1920x1080-1.png\",\"width\":1920,\"height\":1080},{\"@type\":\"BreadcrumbList\",\"@id\":\"https:\\\/\\\/turunmusiikkijuhlat.fi\\\/sv\\\/handelse\\\/aurora-tiheasalo-kourula-duo#breadcrumb\",\"itemListElement\":[{\"@type\":\"ListItem\",\"position\":1,\"name\":\"Etusivu\",\"item\":\"https:\\\/\\\/turunmusiikkijuhlat.fi\\\/sv\"},{\"@type\":\"ListItem\",\"position\":2,\"name\":\"Tapahtumat\",\"item\":\"https:\\\/\\\/turunmusiikkijuhlat.fi\\\/sv\\\/tapahtuma-arkisto\"},{\"@type\":\"ListItem\",\"position\":3,\"name\":\"INST\u00c4LLD: Aurora: Tihe\u00e4salo &#038; Kourula Duo\"}]},{\"@type\":\"WebSite\",\"@id\":\"https:\\\/\\\/turunmusiikkijuhlat.fi\\\/sv#website\",\"url\":\"https:\\\/\\\/turunmusiikkijuhlat.fi\\\/sv\",\"name\":\"Turun musiikkijuhlat\",\"description\":\"Suomen vanhin yht\u00e4jaksoisesti toiminut musiikkifestivaali.\",\"publisher\":{\"@id\":\"https:\\\/\\\/turunmusiikkijuhlat.fi\\\/sv#organization\"},\"potentialAction\":[{\"@type\":\"SearchAction\",\"target\":{\"@type\":\"EntryPoint\",\"urlTemplate\":\"https:\\\/\\\/turunmusiikkijuhlat.fi\\\/sv?s={search_term_string}\"},\"query-input\":{\"@type\":\"PropertyValueSpecification\",\"valueRequired\":true,\"valueName\":\"search_term_string\"}}],\"inLanguage\":\"sv-SE\"},{\"@type\":\"Organization\",\"@id\":\"https:\\\/\\\/turunmusiikkijuhlat.fi\\\/sv#organization\",\"name\":\"Turun Musiikkijuhlat\",\"url\":\"https:\\\/\\\/turunmusiikkijuhlat.fi\\\/sv\",\"logo\":{\"@type\":\"ImageObject\",\"inLanguage\":\"sv-SE\",\"@id\":\"https:\\\/\\\/turunmusiikkijuhlat.fi\\\/sv#\\\/schema\\\/logo\\\/image\\\/\",\"url\":\"https:\\\/\\\/turunmusiikkijuhlat.fi\\\/wp-content\\\/uploads\\\/2022\\\/04\\\/TMJ_logo_RGB_500px.png\",\"contentUrl\":\"https:\\\/\\\/turunmusiikkijuhlat.fi\\\/wp-content\\\/uploads\\\/2022\\\/04\\\/TMJ_logo_RGB_500px.png\",\"width\":500,\"height\":151,\"caption\":\"Turun Musiikkijuhlat\"},\"image\":{\"@id\":\"https:\\\/\\\/turunmusiikkijuhlat.fi\\\/sv#\\\/schema\\\/logo\\\/image\\\/\"},\"sameAs\":[\"https:\\\/\\\/www.facebook.com\\\/Turunmusiikkijuhlat\\\/\",\"https:\\\/\\\/x.com\\\/TurkuMusicFest\",\"https:\\\/\\\/www.instagram.com\\\/turkumusicfestival\\\/\",\"https:\\\/\\\/www.youtube.com\\\/user\\\/Turkumusic\"]}]}<\/script>\n<!-- \/ Yoast SEO plugin. -->","yoast_head_json":{"title":"INST\u00c4LLD: Aurora: Tihe\u00e4salo & Kourula Duo | Turun musiikkijuhlat","robots":{"index":"index","follow":"follow","max-snippet":"max-snippet:-1","max-image-preview":"max-image-preview:large","max-video-preview":"max-video-preview:-1"},"canonical":"https:\/\/turunmusiikkijuhlat.fi\/sv\/handelse\/aurora-tiheasalo-kourula-duo","og_locale":"sv_SE","og_type":"article","og_title":"INST\u00c4LLD: Aurora: Tihe\u00e4salo & Kourula Duo | Turun musiikkijuhlat","og_description":"14.04.2026 | 18:00","og_url":"https:\/\/turunmusiikkijuhlat.fi\/sv\/handelse\/aurora-tiheasalo-kourula-duo","og_site_name":"Turun musiikkijuhlat","article_publisher":"https:\/\/www.facebook.com\/Turunmusiikkijuhlat\/","article_modified_time":"2026-03-27T06:00:38+00:00","og_image":[{"width":1920,"height":1080,"url":"https:\/\/turunmusiikkijuhlat.fi\/wp-content\/uploads\/2024\/08\/Aurora-1920x1080-1.png","type":"image\/png"}],"twitter_card":"summary_large_image","twitter_site":"@TurkuMusicFest","twitter_misc":{"Ber\u00e4knad l\u00e4stid":"3 minuter"},"schema":{"@context":"https:\/\/schema.org","@graph":[{"@type":"WebPage","@id":"https:\/\/turunmusiikkijuhlat.fi\/sv\/handelse\/aurora-tiheasalo-kourula-duo","url":"https:\/\/turunmusiikkijuhlat.fi\/sv\/handelse\/aurora-tiheasalo-kourula-duo","name":"INST\u00c4LLD: Aurora: Tihe\u00e4salo & Kourula Duo | Turun musiikkijuhlat","isPartOf":{"@id":"https:\/\/turunmusiikkijuhlat.fi\/sv#website"},"primaryImageOfPage":{"@id":"https:\/\/turunmusiikkijuhlat.fi\/sv\/handelse\/aurora-tiheasalo-kourula-duo#primaryimage"},"image":{"@id":"https:\/\/turunmusiikkijuhlat.fi\/sv\/handelse\/aurora-tiheasalo-kourula-duo#primaryimage"},"thumbnailUrl":"https:\/\/turunmusiikkijuhlat.fi\/wp-content\/uploads\/2024\/08\/Aurora-1920x1080-1.png","datePublished":"2025-12-19T07:00:08+00:00","dateModified":"2026-03-27T06:00:38+00:00","breadcrumb":{"@id":"https:\/\/turunmusiikkijuhlat.fi\/sv\/handelse\/aurora-tiheasalo-kourula-duo#breadcrumb"},"inLanguage":"sv-SE","potentialAction":[{"@type":"ReadAction","target":["https:\/\/turunmusiikkijuhlat.fi\/sv\/handelse\/aurora-tiheasalo-kourula-duo"]}]},{"@type":"ImageObject","inLanguage":"sv-SE","@id":"https:\/\/turunmusiikkijuhlat.fi\/sv\/handelse\/aurora-tiheasalo-kourula-duo#primaryimage","url":"https:\/\/turunmusiikkijuhlat.fi\/wp-content\/uploads\/2024\/08\/Aurora-1920x1080-1.png","contentUrl":"https:\/\/turunmusiikkijuhlat.fi\/wp-content\/uploads\/2024\/08\/Aurora-1920x1080-1.png","width":1920,"height":1080},{"@type":"BreadcrumbList","@id":"https:\/\/turunmusiikkijuhlat.fi\/sv\/handelse\/aurora-tiheasalo-kourula-duo#breadcrumb","itemListElement":[{"@type":"ListItem","position":1,"name":"Etusivu","item":"https:\/\/turunmusiikkijuhlat.fi\/sv"},{"@type":"ListItem","position":2,"name":"Tapahtumat","item":"https:\/\/turunmusiikkijuhlat.fi\/sv\/tapahtuma-arkisto"},{"@type":"ListItem","position":3,"name":"INST\u00c4LLD: Aurora: Tihe\u00e4salo &#038; Kourula Duo"}]},{"@type":"WebSite","@id":"https:\/\/turunmusiikkijuhlat.fi\/sv#website","url":"https:\/\/turunmusiikkijuhlat.fi\/sv","name":"Turun musiikkijuhlat","description":"Suomen vanhin yht\u00e4jaksoisesti toiminut musiikkifestivaali.","publisher":{"@id":"https:\/\/turunmusiikkijuhlat.fi\/sv#organization"},"potentialAction":[{"@type":"SearchAction","target":{"@type":"EntryPoint","urlTemplate":"https:\/\/turunmusiikkijuhlat.fi\/sv?s={search_term_string}"},"query-input":{"@type":"PropertyValueSpecification","valueRequired":true,"valueName":"search_term_string"}}],"inLanguage":"sv-SE"},{"@type":"Organization","@id":"https:\/\/turunmusiikkijuhlat.fi\/sv#organization","name":"Turun Musiikkijuhlat","url":"https:\/\/turunmusiikkijuhlat.fi\/sv","logo":{"@type":"ImageObject","inLanguage":"sv-SE","@id":"https:\/\/turunmusiikkijuhlat.fi\/sv#\/schema\/logo\/image\/","url":"https:\/\/turunmusiikkijuhlat.fi\/wp-content\/uploads\/2022\/04\/TMJ_logo_RGB_500px.png","contentUrl":"https:\/\/turunmusiikkijuhlat.fi\/wp-content\/uploads\/2022\/04\/TMJ_logo_RGB_500px.png","width":500,"height":151,"caption":"Turun Musiikkijuhlat"},"image":{"@id":"https:\/\/turunmusiikkijuhlat.fi\/sv#\/schema\/logo\/image\/"},"sameAs":["https:\/\/www.facebook.com\/Turunmusiikkijuhlat\/","https:\/\/x.com\/TurkuMusicFest","https:\/\/www.instagram.com\/turkumusicfestival\/","https:\/\/www.youtube.com\/user\/Turkumusic"]}]}},"_links":{"self":[{"href":"https:\/\/turunmusiikkijuhlat.fi\/sv\/wp-json\/wp\/v2\/tapahtuma\/21918","targetHints":{"allow":["GET"]}}],"collection":[{"href":"https:\/\/turunmusiikkijuhlat.fi\/sv\/wp-json\/wp\/v2\/tapahtuma"}],"about":[{"href":"https:\/\/turunmusiikkijuhlat.fi\/sv\/wp-json\/wp\/v2\/types\/tapahtuma"}],"version-history":[{"count":18,"href":"https:\/\/turunmusiikkijuhlat.fi\/sv\/wp-json\/wp\/v2\/tapahtuma\/21918\/revisions"}],"predecessor-version":[{"id":23924,"href":"https:\/\/turunmusiikkijuhlat.fi\/sv\/wp-json\/wp\/v2\/tapahtuma\/21918\/revisions\/23924"}],"wp:featuredmedia":[{"embeddable":true,"href":"https:\/\/turunmusiikkijuhlat.fi\/sv\/wp-json\/wp\/v2\/media\/14896"}],"wp:attachment":[{"href":"https:\/\/turunmusiikkijuhlat.fi\/sv\/wp-json\/wp\/v2\/media?parent=21918"}],"wp:term":[{"taxonomy":"category","embeddable":true,"href":"https:\/\/turunmusiikkijuhlat.fi\/sv\/wp-json\/wp\/v2\/categories?post=21918"},{"taxonomy":"post_tag","embeddable":true,"href":"https:\/\/turunmusiikkijuhlat.fi\/sv\/wp-json\/wp\/v2\/tags?post=21918"}],"curies":[{"name":"wp","href":"https:\/\/api.w.org\/{rel}","templated":true}]}}